{"id":"ch.babs.kulturgueter","name":"KGS Inventar","fields":[{"name":"bemerkung_list","type":"VARCHAR","alias":"ch.babs.kulturgueter.bemerkung_list","values":["","Denkmalpflege BE","Teil des Welterbe-Objekts pr\u00e4historische Pfahlbauten um die Alpen","Wikipedia: Abri de la Cure","Wikipedia: Burg Schiedberg"]},{"name":"copyright","type":"VARCHAR","alias":"ch.babs.kulturgueter.copyright","values":[null,"\u00a9 Kant. Denkmalpflege SG","\u00a9 www.picswiss.ch","\u00a9 Denkmalpflege SO","\u00a9  Service de monuments et sites du canton Gen\u00e8ve"]},{"name":"adresse_list","type":"VARCHAR","alias":"ch.babs.kulturgueter.adresse_list","values":["","Cour de St-Pierre 8","Einsiedelei 4","Lindstrasse 8","Schlossstrasse 26-30"]},{"name":"weblinks_list","type":"VARCHAR","alias":"ch.babs.kulturgueter.weblinks_list","values":["","http://de.wikipedia.org/wiki/Burg_Schiedberg","http://fr.wikipedia.org/wiki/Abri_de_la_Cure","http://www.palafittes.org/","https://apps.dynasphere.de/0001/report/rep_OBJEKT_bauinventar_267378.pdf?ts=63715718592"]},{"name":"fotograf","type":"VARCHAR","alias":"ch.babs.kulturgueter.fotograf","values":[null,"Roland Zumb\u00fchl, Arlesheim","Hans Sch\u00fcpbach","Uschy Sumi, Burgdorf","Ch. Helmis und J. Schweizer"]},{"name":"kurztext","type":"VARCHAR","alias":"ch.babs.kulturgueter.kurztext","values":[null]},{"name":"objektart_fr_list","type":"VARCHAR","alias":"ch.babs.kulturgueter.objektart_fr_list","values":["b\u00e2timents d'habitation et leurs annexes,ruines de ch\u00e2teau,maisons de ma\u00eetres (h\u00f4tels particuliers, maisons seigneuriales, manoirs),fermes,St\u00f6ckli,petites constructions rurales (greniers, fours, lavoirs),objets arch\u00e9ologiques,Moyen-\u00c2ge","b\u00e2timents d'habitation et leurs annexes,ruines de ch\u00e2teau,objets arch\u00e9ologiques,m\u00e9solithique,n\u00e9olithique,\u00e2ge du bronze,\u00e2ge du fer,Moyen-\u00c2ge","b\u00e2timents d'habitation et leurs annexes,ruines de ch\u00e2teau,objets arch\u00e9ologiques,n\u00e9olithique,\u00e2ge du bronze,\u00e2ge du fer,\u00e9poque romaine,Moyen-\u00c2ge","objets arch\u00e9ologiques,n\u00e9olithique,\u00e2ge du bronze,\u00e9poque romaine","objets arch\u00e9ologiques,pal\u00e9olithique,m\u00e9solithique,n\u00e9olithique,\u00e2ge du bronze,\u00e2ge du fer,\u00e9poque romaine,haut Moyen-\u00c2ge"]},{"name":"x","type":"INTEGER","alias":"X-Koordinate","values":[2529700.0,2616187.0,2679208.0,2683376.0,2755751.0]},{"name":"ehemaligegemeinde","type":"VARCHAR","alias":"ch.babs.kulturgueter.ehemaligegemeinde","values":["Baulmes","Oberbipp","Stallikon","Wartau","Z\u00fcrich"]},{"name":"objektart_it_list","type":"VARCHAR","alias":"ch.babs.kulturgueter.objektart_it_list","values":["Edifici d'abitazione e costruzioni annesse,Rovine di castelli,Case signorili (palazzi, residenze signorili, residenze di campagna),Fattorie,Dependance di fattoria,Piccole costruzioni rurali (granai, forni esterni, lavatoi),Oggetti archeologici,Medioevo","Edifici d'abitazione e costruzioni annesse,Rovine di castelli,Oggetti archeologici,Mesolitico,Neolitico,Et\u00e0 del bronzo,Et\u00e0 del ferro,Medioevo","Edifici d'abitazione e costruzioni annesse,Rovine di castelli,Oggetti archeologici,Neolitico,Et\u00e0 del bronzo,Et\u00e0 del ferro,Et\u00e0 romana,Medioevo","Oggetti archeologici,Neolitico,Et\u00e0 del bronzo,Et\u00e0 romana","Oggetti archeologici,Paleolitico,Mesolitico,Neolitico,Et\u00e0 del bronzo,Et\u00e0 del ferro,Et\u00e0 romana,Alto medioevo"]},{"name":"y","type":"INTEGER","alias":"Y-Koordinate","values":[1182801.0,1218420.0,1234763.0,1245176.0,1246682.0]},{"name":"kgs_nr","type":"VARCHAR","alias":"ch.babs.kulturgueter.kgs_nr","values":["KGS_NR1132","KGS_NR5927","KGS_NR7666","KGS_NR8396","KGS_NR9724"]},{"name":"kgs_kategorie","type":"VARCHAR","alias":"Kategorie","values":["A.A"]},{"name":"kanton","type":"VARCHAR","alias":"Kanton","values":["BE","GR","SG","VD","ZH"]},{"name":"id","type":"INTEGER","alias":"ch.babs.kulturgueter.id","values":["1132","5927","7666","8396","9724"]},{"name":"objektart_de_list","type":"VARCHAR","alias":"ch.babs.kulturgueter.objektart_de_list","values":["Arch\u00e4ologische Objekte,Neolithikum,Bronzezeit,R\u00f6mische Zeit","Arch\u00e4ologische Objekte,Pal\u00e4olithikum,Mesolithikum,Neolithikum,Bronzezeit,Eisenzeit,R\u00f6mische Zeit,Fr\u00fchmittelalter","Wohnbauten und ihre Nebenanlagen,Burgruinen,Arch\u00e4ologische Objekte,Mesolithikum,Neolithikum,Bronzezeit,Eisenzeit,Mittelalter","Wohnbauten und ihre Nebenanlagen,Burgruinen,Arch\u00e4ologische Objekte,Neolithikum,Bronzezeit,Eisenzeit,R\u00f6mische Zeit,Mittelalter","Wohnbauten und ihre Nebenanlagen,Burgruinen,Herrenh\u00e4user (Schl\u00f6sser, Herrensitze, Landsitze),Bauernh\u00e4user,St\u00f6ckli,L\u00e4ndliche Kleinbauten (Speicher, Ofenh\u00e4user, Waschh\u00e4user),Arch\u00e4ologische Objekte,Mittelalter"]},{"name":"beschreibung","type":"VARCHAR","alias":"Bezeichnung","values":["Abri de la Cure, abri pal\u00e9olithique - Haut Moyen Age","Gretschins-Herrenfeld / Ochsenberg / Wartau, mesolithische-bronzezeitliche Siedlung / eisenzeitlicher Opferplatz / mittelalterliche Burgruine","Schloss Bipp mit Nebenbauten (Burgruine, Gutshof, St\u00f6ckli, Remise und Schopf)","Unteres Z\u00fcrichseebecken, neolithische-bronzezeitliche Seeufersiedlungen / Inselsiedlung und r\u00f6mischer Rundtempel (Enge-Mythenschloss, Enge-Breitingerstrasse, Enge-Rentenanstalt, Enge- Kongresshaus, Altstadt-Bauschanze, City-Mozartstrasse, Riesbach-Seefeld, Riesbach-Grosser Hafner)","\u00dcetliberg, sp\u00e4tbronze-& eisenzeitliche Siedlungen und Bestattungspl\u00e4tze, r\u00f6mische Siedlung, mittelalterliche Burgruine und Befestigungsanlage (Hauptwall- und Vorwall) (vgl. mit Uitikon und Z\u00fcrich)"]},{"name":"bild_url_list","type":"VARCHAR","alias":"ch.babs.kulturgueter.bild_url_list","values":["","https://api3.geo.admin.ch/featureattachments/ch.babs.kulturgueter/image/kgs_00318_0001.jpg,https://api3.geo.admin.ch/featureattachments/ch.babs.kulturgueter/image/kgs_00318_0002.jpg","https://api3.geo.admin.ch/featureattachments/ch.babs.kulturgueter/image/kgs_02443_0001.jpg,https://api3.geo.admin.ch/featureattachments/ch.babs.kulturgueter/image/kgs_02443_0002.jpg,https://api3.geo.admin.ch/featureattachments/ch.babs.kulturgueter/image/kgs_02443_0003.jpg,https://api3.geo.admin.ch/featureattachments/ch.babs.kulturgueter/image/kgs_02443_0005.jpg","https://api3.geo.admin.ch/featureattachments/ch.babs.kulturgueter/image/kgs_04664_0003.jpg,https://api3.geo.admin.ch/featureattachments/ch.babs.kulturgueter/image/kgs_04664_0006.jpg,https://api3.geo.admin.ch/featureattachments/ch.babs.kulturgueter/image/kgs_04664_0007.jpg,https://api3.geo.admin.ch/featureattachments/ch.babs.kulturgueter/image/kgs_04664_0013.jpg","https://api3.geo.admin.ch/featureattachments/ch.babs.kulturgueter/image/kgs_08396_0001.jpg,https://api3.geo.admin.ch/featureattachments/ch.babs.kulturgueter/image/kgs_08396_0002.jpg,https://api3.geo.admin.ch/featureattachments/ch.babs.kulturgueter/image/kgs_08396_0003.jpg,https://api3.geo.admin.ch/featureattachments/ch.babs.kulturgueter/image/kgs_08396_0004.jpg,https://api3.geo.admin.ch/featureattachments/ch.babs.kulturgueter/image/kgs_08396_0005.jpg,https://api3.geo.admin.ch/featureattachments/ch.babs.kulturgueter/image/kgs_08396_0006.jpg"]},{"name":"gemeinde","type":"VARCHAR","alias":"Gemeinde","values":["Baulmes","Oberbipp","Stallikon","Wartau","Z\u00fcrich"]},{"name":"bild_nr_list","type":"VARCHAR","alias":"ch.babs.kulturgueter.bild_nr_list","values":["","1,2","1,2,3,4,5,6","1,2,3,5","3,6,7,13"]}]}